{"id":3478,"date":"2026-09-02T16:13:49","date_gmt":"2026-09-02T19:13:49","guid":{"rendered":"https:\/\/cadernosdematematica.com.br\/profmat\/?page_id=3478"},"modified":"2026-09-02T16:13:50","modified_gmt":"2026-09-02T19:13:50","slug":"paulo-rodrigues","status":"publish","type":"page","link":"https:\/\/cadernosdematematica.com.br\/profmat\/paulo-rodrigues\/","title":{"rendered":"Paulo Rodrigues"},"content":{"rendered":"<div class=\"cdm-teacher-page\">\n<section class=\"cdm-teacher-hero\"><div class=\"cdm-teacher-wrap cdm-teacher-hero-grid\"><div class=\"cdm-teacher-photo\"><img decoding=\"async\" src=\"https:\/\/cadernosdematematica.com.br\/profmat\/wp-content\/uploads\/2026\/09\/Design-sem-nome-6.png\" alt=\"Paulo Rodrigues\"><\/div><div class=\"cdm-teacher-hero-copy\"><span class=\"cdm-teacher-eyebrow\">Professor<\/span><h1>Paulo Rodrigues<\/h1><h2>Professor de Matem\u00e1tica<\/h2><p>Professor de Matem\u00e1tica e s\u00f3cio do Cadernos de Matem\u00e1tica.<\/p><div class=\"cdm-teacher-links\"><\/div><\/div><\/div><\/section>\n<section class=\"cdm-teacher-numbers\"><div class=\"cdm-teacher-wrap\"><article><strong>IMO 1993 e 1994<\/strong><b><\/b><span>Representou o Brasil na principal Olimp\u00edada de Matem\u00e1tica do mundo<\/span><\/article><\/div><\/section><section class=\"cdm-teacher-section\"><div class=\"cdm-teacher-wrap cdm-teacher-copy\"><span class=\"cdm-teacher-eyebrow\">Apresenta\u00e7\u00e3o<\/span><h2>Sobre Paulo Rodrigues<\/h2><p>Cadernos de Matem\u00e1tica \u00e9 um curso online criado em 2020 pelo professor Paulo Rodrigues, com o objetivo de oferecer materiais e prepara\u00e7\u00e3o de alto n\u00edvel em diversas \u00e1reas da Matem\u00e1tica. Atualmente, s\u00e3o oferecidos cursos de LaTeX e de prepara\u00e7\u00e3o para o PROFMAT.<\/p><p>Paulo Rodrigues possui 32 anos de experi\u00eancia como professor de Matem\u00e1tica, com \u00eanfase no ensino b\u00e1sico e na prepara\u00e7\u00e3o para Olimp\u00edadas. Foi premiado em diversas competi\u00e7\u00f5es nacionais e internacionais, sendo tricampe\u00e3o medalhista da Olimp\u00edada Brasileira de Matem\u00e1tica (OBM). Conquistou men\u00e7\u00e3o honrosa na IMO 1993, realizada na Turquia, e na IMO 1994, realizada em Hong Kong. Al\u00e9m disso, foi medalha de prata na Olimp\u00edada Iberoamericana de Matem\u00e1tica, medalha de bronze na Olimp\u00edada de Matem\u00e1tica do Cone Sul e conquistou o 1\u00ba lugar na Olimp\u00edada Cearense de Matem\u00e1tica em 1991 e 1992, dentre outros pr\u00eamios.<\/p><p>Atuou como colaborador da OBMEP desde sua cria\u00e7\u00e3o e, por mais de uma d\u00e9cada, exerceu fun\u00e7\u00f5es como membro do Comit\u00ea de Provas e coordenador do PECI \u2013 Programa de Prepara\u00e7\u00e3o Especial para Competi\u00e7\u00f5es Internacionais.<\/p><p>Al\u00e9m disso, foi membro da Comiss\u00e3o de Olimp\u00edadas da Sociedade Brasileira de Matem\u00e1tica (SBM) e integrou o j\u00fari de diversas competi\u00e7\u00f5es internacionais, como a Olimp\u00edada Ibero-Americana de Matem\u00e1tica, a Olimp\u00edada de Matem\u00e1tica do Cone Sul e a Olimp\u00edada Matem\u00e1tica Rioplatense. Tamb\u00e9m atuou como professor ol\u00edmpico em diversas escolas de Fortaleza e como palestrante em eventos nacionais e internacionais.<\/p><p>\u00c9 autor do livro 144 Problemas de Matem\u00e1tica (SCRIVI), coautor dos livros Olimp\u00edadas de Matem\u00e1tica do Cone Sul \u2013 V a XII e Olimp\u00edadas Brasileiras de Matem\u00e1tica \u2013 Volumes 9 a 16 (SBM), al\u00e9m de coautor do Banco de Quest\u00f5es da OBMEP 2011.<\/p><p>Atualmente, \u00e9 professor efetivo do Col\u00e9gio Militar do Corpo de Bombeiros, em Fortaleza\u2013CE, onde se dedica \u00e0s turmas Prepara ITA e \u00e0s aulas ol\u00edmpicas. \u00c9 graduado em Matem\u00e1tica pela Universidade Federal do Cear\u00e1 (UFC) e mestre pela Universidade Federal Rural do Semi-\u00c1rido (UFERSA).<\/p><p>Movido por sua paix\u00e3o pela Matem\u00e1tica, acredita que qualquer pessoa pode aprend\u00ea-la, desde que conte com a orienta\u00e7\u00e3o correta e materiais de qualidade.<\/p><\/div><\/section><section class=\"cdm-teacher-section soft\"><div class=\"cdm-teacher-wrap cdm-teacher-columns\"><div><span class=\"cdm-teacher-eyebrow\">Forma\u00e7\u00e3o<\/span><h2>Forma\u00e7\u00e3o acad\u00eamica<\/h2><ul><li>Licenciatura em Matem\u00e1tica \u2013\u00a0Universidade Federal do Cear\u00e1 (UFC)<\/li><li>Mestrado em Matem\u00e1tica - Universidade Federal Rural do Semi-\u00c1rido (UFERSA)<\/li><\/ul><\/div><div><span class=\"cdm-teacher-eyebrow\">Experi\u00eancia<\/span><h2>Trajet\u00f3ria profissional<\/h2><ul><li>Col\u00e9gio 7 de Setembro \u2013 1994 a 2000<\/li><li>Col\u00e9gio Batista Santos Dumont \u2013 2000 a 2006<\/li><li>OBMEP \u2013\u00a02005 a 2016<\/li><li>Col\u00e9gio Santa Cec\u00edlia \u2013 2017 a 2021<\/li><li>SEDUC CE - Col\u00e9gio Militar do Corpo de Bombeiros \u2013 desde 2021<\/li><li>Cadernos de Matem\u00e1tica \u2013 desde 2020<\/li><\/ul><\/div><\/div><\/section><section class=\"cdm-teacher-section\"><div class=\"cdm-teacher-wrap\"><span class=\"cdm-teacher-eyebrow\">\u00c1reas de atua\u00e7\u00e3o<\/span><h2>Temas e frentes de trabalho<\/h2><div class=\"cdm-teacher-areas\"><span>PROFMAT<\/span><span>Resolu\u00e7\u00e3o de problemas<\/span><span>Forma\u00e7\u00e3o de professores<\/span><span>Olimp\u00edadas de Matem\u00e1tica<\/span><span>Divulga\u00e7\u00e3o Matem\u00e1tica<\/span><span>Matem\u00e1tica Recreativa<\/span><span>LaTeX and Friends<\/span><\/div><\/div><\/section><section class=\"cdm-teacher-section\"><div class=\"cdm-teacher-wrap\"><span class=\"cdm-teacher-eyebrow\">Cursos<\/span><h2>Cursos ministrados<\/h2><div class=\"cdm-teacher-courses\"><article><strong>Preparat\u00f3rio ENA<\/strong><span>Curso PROFMAT<\/span><\/article><article><strong>PROFMAT por Disciplinas<\/strong><span>Curso PROFMAT<\/span><\/article><article><strong>Preparat\u00f3rio ENQ<\/strong><span>Curso PROFMAT<\/span><\/article><\/div><\/div><\/section><\/div>\n\n","protected":false},"excerpt":{"rendered":"","protected":false},"author":1,"featured_media":0,"parent":0,"menu_order":0,"comment_status":"closed","ping_status":"closed","template":"","meta":{"site-sidebar-layout":"default","site-content-layout":"","ast-site-content-layout":"default","site-content-style":"default","site-sidebar-style":"default","ast-global-header-display":"","ast-banner-title-visibility":"","ast-main-header-display":"","ast-hfb-above-header-display":"","ast-hfb-below-header-display":"","ast-hfb-mobile-header-display":"","site-post-title":"","ast-breadcrumbs-content":"","ast-featured-img":"","footer-sml-layout":"","theme-transparent-header-meta":"","adv-header-id-meta":"","stick-header-meta":"","header-above-stick-meta":"","header-main-stick-meta":"","header-below-stick-meta":"","astra-migrate-meta-layouts":"default","ast-page-background-enabled":"default","ast-page-background-meta":{"desktop":{"background-color":"var(--ast-global-color-4)","background-image":"","background-repeat":"repeat","background-position":"center center","background-size":"auto","background-attachment":"scroll","background-type":"","background-media":"","overlay-type":"","overlay-color":"","overlay-opacity":"","overlay-gradient":""},"tablet":{"background-color":"","background-image":"","background-repeat":"repeat","background-position":"center center","background-size":"auto","background-attachment":"scroll","background-type":"","background-media":"","overlay-type":"","overlay-color":"","overlay-opacity":"","overlay-gradient":""},"mobile":{"background-color":"","background-image":"","background-repeat":"repeat","background-position":"center center","background-size":"auto","background-attachment":"scroll","background-type":"","background-media":"","overlay-type":"","overlay-color":"","overlay-opacity":"","overlay-gradient":""}},"ast-content-background-meta":{"desktop":{"background-color":"var(--ast-global-color-5)","background-image":"","background-repeat":"repeat","background-position":"center center","background-size":"auto","background-attachment":"scroll","background-type":"","background-media":"","overlay-type":"","overlay-color":"","overlay-opacity":"","overlay-gradient":""},"tablet":{"background-color":"var(--ast-global-color-5)","background-image":"","background-repeat":"repeat","background-position":"center center","background-size":"auto","background-attachment":"scroll","background-type":"","background-media":"","overlay-type":"","overlay-color":"","overlay-opacity":"","overlay-gradient":""},"mobile":{"background-color":"var(--ast-global-color-5)","background-image":"","background-repeat":"repeat","background-position":"center center","background-size":"auto","background-attachment":"scroll","background-type":"","background-media":"","overlay-type":"","overlay-color":"","overlay-opacity":"","overlay-gradient":""}},"footnotes":""},"class_list":["post-3478","page","type-page","status-publish","hentry"],"yoast_head":"<!-- This site is optimized with the Yoast SEO plugin v28.4 - https:\/\/yoast.com\/product\/yoast-seo-wordpress\/ -->\n<title>Paulo Rodrigues &#8211; Cadernos de Matem\u00e1tica - PROFMAT<\/title>\n<meta name=\"robots\" content=\"index, follow, max-snippet:-1, max-image-preview:large, max-video-preview:-1\" \/>\n<link rel=\"canonical\" href=\"https:\/\/cadernosdematematica.com.br\/profmat\/paulo-rodrigues\/\" \/>\n<meta property=\"og:locale\" content=\"pt_PT\" \/>\n<meta property=\"og:type\" content=\"article\" \/>\n<meta property=\"og:title\" content=\"Paulo Rodrigues &#8211; Cadernos de Matem\u00e1tica - PROFMAT\" \/>\n<meta property=\"og:url\" content=\"https:\/\/cadernosdematematica.com.br\/profmat\/paulo-rodrigues\/\" \/>\n<meta property=\"og:site_name\" content=\"Cadernos de Matem\u00e1tica - PROFMAT\" \/>\n<meta property=\"article:publisher\" content=\"https:\/\/www.facebook.com\/matematicacadernos\" \/>\n<meta property=\"article:modified_time\" content=\"2026-09-02T19:13:50+00:00\" \/>\n<meta name=\"twitter:card\" content=\"summary_large_image\" \/>\n<script type=\"application\/ld+json\" class=\"yoast-schema-graph\">{\"@context\":\"https:\\\/\\\/schema.org\",\"@graph\":[{\"@type\":\"WebPage\",\"@id\":\"https:\\\/\\\/cadernosdematematica.com.br\\\/profmat\\\/paulo-rodrigues\\\/\",\"url\":\"https:\\\/\\\/cadernosdematematica.com.br\\\/profmat\\\/paulo-rodrigues\\\/\",\"name\":\"Paulo Rodrigues &#8211; Cadernos de Matem\u00e1tica - PROFMAT\",\"isPartOf\":{\"@id\":\"https:\\\/\\\/cadernosdematematica.com.br\\\/profmat\\\/#website\"},\"datePublished\":\"2026-09-02T19:13:49+00:00\",\"dateModified\":\"2026-09-02T19:13:50+00:00\",\"breadcrumb\":{\"@id\":\"https:\\\/\\\/cadernosdematematica.com.br\\\/profmat\\\/paulo-rodrigues\\\/#breadcrumb\"},\"inLanguage\":\"pt-PT\",\"potentialAction\":[{\"@type\":\"ReadAction\",\"target\":[\"https:\\\/\\\/cadernosdematematica.com.br\\\/profmat\\\/paulo-rodrigues\\\/\"]}]},{\"@type\":\"BreadcrumbList\",\"@id\":\"https:\\\/\\\/cadernosdematematica.com.br\\\/profmat\\\/paulo-rodrigues\\\/#breadcrumb\",\"itemListElement\":[{\"@type\":\"ListItem\",\"position\":1,\"name\":\"In\u00edcio\",\"item\":\"https:\\\/\\\/cadernosdematematica.com.br\\\/profmat\\\/\"},{\"@type\":\"ListItem\",\"position\":2,\"name\":\"Paulo Rodrigues\"}]},{\"@type\":\"WebSite\",\"@id\":\"https:\\\/\\\/cadernosdematematica.com.br\\\/profmat\\\/#website\",\"url\":\"https:\\\/\\\/cadernosdematematica.com.br\\\/profmat\\\/\",\"name\":\"Cadernos de Matem\u00e1tica - PROFMAT\",\"description\":\"Matem\u00e1tica e LaTeX\",\"publisher\":{\"@id\":\"https:\\\/\\\/cadernosdematematica.com.br\\\/profmat\\\/#organization\"},\"alternateName\":\"cadmat\",\"potentialAction\":[{\"@type\":\"SearchAction\",\"target\":{\"@type\":\"EntryPoint\",\"urlTemplate\":\"https:\\\/\\\/cadernosdematematica.com.br\\\/profmat\\\/?s={search_term_string}\"},\"query-input\":{\"@type\":\"PropertyValueSpecification\",\"valueRequired\":true,\"valueName\":\"search_term_string\"}}],\"inLanguage\":\"pt-PT\"},{\"@type\":\"Organization\",\"@id\":\"https:\\\/\\\/cadernosdematematica.com.br\\\/profmat\\\/#organization\",\"name\":\"Cadernos de Matem\u00e1tica\",\"url\":\"https:\\\/\\\/cadernosdematematica.com.br\\\/profmat\\\/\",\"logo\":{\"@type\":\"ImageObject\",\"inLanguage\":\"pt-PT\",\"@id\":\"https:\\\/\\\/cadernosdematematica.com.br\\\/profmat\\\/#\\\/schema\\\/logo\\\/image\\\/\",\"url\":\"https:\\\/\\\/cadernosdematematica.com.br\\\/profmat\\\/wp-content\\\/uploads\\\/2020\\\/10\\\/cropped-logoasdf-1.png\",\"contentUrl\":\"https:\\\/\\\/cadernosdematematica.com.br\\\/profmat\\\/wp-content\\\/uploads\\\/2020\\\/10\\\/cropped-logoasdf-1.png\",\"width\":99,\"height\":99,\"caption\":\"Cadernos de Matem\u00e1tica\"},\"image\":{\"@id\":\"https:\\\/\\\/cadernosdematematica.com.br\\\/profmat\\\/#\\\/schema\\\/logo\\\/image\\\/\"},\"sameAs\":[\"https:\\\/\\\/www.facebook.com\\\/matematicacadernos\",\"https:\\\/\\\/www.youtube.com\\\/cadernosdematematica\"]}]}<\/script>\n<!-- \/ Yoast SEO plugin. -->","yoast_head_json":{"title":"Paulo Rodrigues &#8211; Cadernos de Matem\u00e1tica - PROFMAT","robots":{"index":"index","follow":"follow","max-snippet":"max-snippet:-1","max-image-preview":"max-image-preview:large","max-video-preview":"max-video-preview:-1"},"canonical":"https:\/\/cadernosdematematica.com.br\/profmat\/paulo-rodrigues\/","og_locale":"pt_PT","og_type":"article","og_title":"Paulo Rodrigues &#8211; Cadernos de Matem\u00e1tica - PROFMAT","og_url":"https:\/\/cadernosdematematica.com.br\/profmat\/paulo-rodrigues\/","og_site_name":"Cadernos de Matem\u00e1tica - PROFMAT","article_publisher":"https:\/\/www.facebook.com\/matematicacadernos","article_modified_time":"2026-09-02T19:13:50+00:00","twitter_card":"summary_large_image","schema":{"@context":"https:\/\/schema.org","@graph":[{"@type":"WebPage","@id":"https:\/\/cadernosdematematica.com.br\/profmat\/paulo-rodrigues\/","url":"https:\/\/cadernosdematematica.com.br\/profmat\/paulo-rodrigues\/","name":"Paulo Rodrigues &#8211; Cadernos de Matem\u00e1tica - PROFMAT","isPartOf":{"@id":"https:\/\/cadernosdematematica.com.br\/profmat\/#website"},"datePublished":"2026-09-02T19:13:49+00:00","dateModified":"2026-09-02T19:13:50+00:00","breadcrumb":{"@id":"https:\/\/cadernosdematematica.com.br\/profmat\/paulo-rodrigues\/#breadcrumb"},"inLanguage":"pt-PT","potentialAction":[{"@type":"ReadAction","target":["https:\/\/cadernosdematematica.com.br\/profmat\/paulo-rodrigues\/"]}]},{"@type":"BreadcrumbList","@id":"https:\/\/cadernosdematematica.com.br\/profmat\/paulo-rodrigues\/#breadcrumb","itemListElement":[{"@type":"ListItem","position":1,"name":"In\u00edcio","item":"https:\/\/cadernosdematematica.com.br\/profmat\/"},{"@type":"ListItem","position":2,"name":"Paulo Rodrigues"}]},{"@type":"WebSite","@id":"https:\/\/cadernosdematematica.com.br\/profmat\/#website","url":"https:\/\/cadernosdematematica.com.br\/profmat\/","name":"Cadernos de Matem\u00e1tica - PROFMAT","description":"Matem\u00e1tica e LaTeX","publisher":{"@id":"https:\/\/cadernosdematematica.com.br\/profmat\/#organization"},"alternateName":"cadmat","potentialAction":[{"@type":"SearchAction","target":{"@type":"EntryPoint","urlTemplate":"https:\/\/cadernosdematematica.com.br\/profmat\/?s={search_term_string}"},"query-input":{"@type":"PropertyValueSpecification","valueRequired":true,"valueName":"search_term_string"}}],"inLanguage":"pt-PT"},{"@type":"Organization","@id":"https:\/\/cadernosdematematica.com.br\/profmat\/#organization","name":"Cadernos de Matem\u00e1tica","url":"https:\/\/cadernosdematematica.com.br\/profmat\/","logo":{"@type":"ImageObject","inLanguage":"pt-PT","@id":"https:\/\/cadernosdematematica.com.br\/profmat\/#\/schema\/logo\/image\/","url":"https:\/\/cadernosdematematica.com.br\/profmat\/wp-content\/uploads\/2020\/10\/cropped-logoasdf-1.png","contentUrl":"https:\/\/cadernosdematematica.com.br\/profmat\/wp-content\/uploads\/2020\/10\/cropped-logoasdf-1.png","width":99,"height":99,"caption":"Cadernos de Matem\u00e1tica"},"image":{"@id":"https:\/\/cadernosdematematica.com.br\/profmat\/#\/schema\/logo\/image\/"},"sameAs":["https:\/\/www.facebook.com\/matematicacadernos","https:\/\/www.youtube.com\/cadernosdematematica"]}]}},"jetpack_sharing_enabled":true,"_links":{"self":[{"href":"https:\/\/cadernosdematematica.com.br\/profmat\/wp-json\/wp\/v2\/pages\/3478","targetHints":{"allow":["GET"]}}],"collection":[{"href":"https:\/\/cadernosdematematica.com.br\/profmat\/wp-json\/wp\/v2\/pages"}],"about":[{"href":"https:\/\/cadernosdematematica.com.br\/profmat\/wp-json\/wp\/v2\/types\/page"}],"author":[{"embeddable":true,"href":"https:\/\/cadernosdematematica.com.br\/profmat\/wp-json\/wp\/v2\/users\/1"}],"replies":[{"embeddable":true,"href":"https:\/\/cadernosdematematica.com.br\/profmat\/wp-json\/wp\/v2\/comments?post=3478"}],"version-history":[{"count":1,"href":"https:\/\/cadernosdematematica.com.br\/profmat\/wp-json\/wp\/v2\/pages\/3478\/revisions"}],"predecessor-version":[{"id":3479,"href":"https:\/\/cadernosdematematica.com.br\/profmat\/wp-json\/wp\/v2\/pages\/3478\/revisions\/3479"}],"wp:attachment":[{"href":"https:\/\/cadernosdematematica.com.br\/profmat\/wp-json\/wp\/v2\/media?parent=3478"}],"curies":[{"name":"wp","href":"https:\/\/api.w.org\/{rel}","templated":true}]}}